{"id":812,"date":"2024-03-05T00:58:51","date_gmt":"2024-03-04T23:58:51","guid":{"rendered":"http:\/\/powerpoint.co.at.host25.profi-server.net\/?page_id=812"},"modified":"2026-01-14T22:44:40","modified_gmt":"2026-01-14T21:44:40","slug":"kursplan-2","status":"publish","type":"page","link":"https:\/\/powerpoint.co.at\/?page_id=812","title":{"rendered":"Kursplan"},"content":{"rendered":"<h1><span>Kursplan<\/span><\/h1>\n<div>\n<div class=\"fitplan-wrapper\" id=\"fitplan-1252\">\n \n  <div class=\"fitplan-planning fitplan-planning-1252\" style=\"background-color: ; border-color: #2d2d2d;\">\n        <div class=\"fitplan-planning-day fitplan-planning-day-monday\" style=\"color: #2d2d2d; border-color:#2d2d2d;\">\n      <div class=\"fitplan-planning-title\" style=\"border-color: #2d2d2d;\">Montag<\/div>\n \n            <div class=\"fitplan-planning-morning\" style=\"height: 540px; border-color: #2d2d2d; border-color: #2d2d2d44;\">\n        <div class=\"fitplan-planning-item fitplan-planning-item-585 fitplan-planning-item-pilates\" style=\"top: 270px; height: 67.5px\">\n  <div\n    class=\"fitplan-planning-item-inside\"\n    style=\"\n      background-color: #ef6982;\n      border-radius: 7px;\"\n\n    data-color=\"#ef6982\">\n\n        <div class=\"fitplan-planning-item-pic\" style=\"\">\n      <img decoding=\"async\" src=\"https:\/\/powerpoint.co.at\/wp-content\/uploads\/2024\/09\/exercise_16dp_F3F3F3_FILL0_wght400_GRAD0_opsz20.svg\" alt=\"Pilates\">\n    <\/div>\n    \n    <p\n      class=\"fitplan-planning-item-title\" style=\"\n        color: #ffffff;\n            \">\n      Pilates    <\/p>\n\n    <p class=\"fitplan-planning-item-hour\" style=\"color: #ffffff;\">\n      <span class=\"fitplan-planning-item-hour-start\">09:00<\/span>\n      -\n      <span class=\"fitplan-planning-item-hour-finish\">09:45<\/span>\n    <\/p>\n  <\/div>\n\n  <div class=\"fitplan-planning-item-bubble\">\n        <p class=\"fitplan-planning-modal-pic\">\n      <img decoding=\"async\" src=\"https:\/\/powerpoint.co.at\/wp-content\/uploads\/2024\/09\/exercise_16dp_F3F3F3_FILL0_wght400_GRAD0_opsz20.svg\" alt=\"Pilates\">\n    <\/p>\n    \n    <div class=\"fitplan-planning-modal-hour\">\n      <span>Montag<\/span>\n      <span class=\"fitplan-planning-modal-hour-start\">09:00<\/span>\n      -\n      <span class=\"fitplan-planning-modal-hour-finish\">09:45<\/span>\n    <\/div>\n\n    <div class=\"fitplan-planning-modal-desc\">\n      <strong>Pilates:<\/strong><br \/>\r\nZielgruppe: F\u00fcr jeden geeignet<br \/>\r\nKr\u00e4ftigung der Tiefenmuskulatur durch \u00dcbungen sowohl mit K\u00f6rpereigengewicht als auch Hilfsmitteln inklusiver anschlie\u00dfender Stretching-Einheit.\u00a0 Mobilisation der Gelenke, Kr\u00e4ftigung der Skelettmuskulatur und das L\u00f6sen von unangenehmen Verspannungen stehen im Fokus.    <\/div>\n\n    \n      <\/div>\n\n<\/div>\n      <\/div>\n       \n            <div class=\"fitplan-planning-afternoon\" style=\"height: 450px\">\n        <div class=\"fitplan-planning-item fitplan-planning-item-975 fitplan-planning-item-yoga-power\" style=\"top: 90px; height: 105px\">\n  <div\n    class=\"fitplan-planning-item-inside\"\n    style=\"\n      background-color: #ef6982;\n      border-radius: 7px;\"\n\n    data-color=\"#ef6982\">\n\n        <div class=\"fitplan-planning-item-pic\" style=\"\">\n      <img decoding=\"async\" src=\"https:\/\/powerpoint.co.at\/wp-content\/uploads\/2024\/09\/self_improvement_16dp_F3F3F3_FILL0_wght400_GRAD0_opsz20.svg\" alt=\"Yoga Power\">\n    <\/div>\n    \n    <p\n      class=\"fitplan-planning-item-title\" style=\"\n        color: #ffffff;\n            \">\n      Yoga Power    <\/p>\n\n    <p class=\"fitplan-planning-item-hour\" style=\"color: #ffffff;\">\n      <span class=\"fitplan-planning-item-hour-start\">17:00<\/span>\n      -\n      <span class=\"fitplan-planning-item-hour-finish\">18:10<\/span>\n    <\/p>\n  <\/div>\n\n  <div class=\"fitplan-planning-item-bubble\">\n        <p class=\"fitplan-planning-modal-pic\">\n      <img decoding=\"async\" src=\"https:\/\/powerpoint.co.at\/wp-content\/uploads\/2024\/09\/self_improvement_16dp_F3F3F3_FILL0_wght400_GRAD0_opsz20.svg\" alt=\"Yoga Power\">\n    <\/p>\n    \n    <div class=\"fitplan-planning-modal-hour\">\n      <span>Montag<\/span>\n      <span class=\"fitplan-planning-modal-hour-start\">17:00<\/span>\n      -\n      <span class=\"fitplan-planning-modal-hour-finish\">18:10<\/span>\n    <\/div>\n\n    <div class=\"fitplan-planning-modal-desc\">\n      <strong>Yoga Intense<\/strong><br \/>\r\n<br \/>\r\nZielgruppe: f\u00fcr jeden geeignet<br \/>\r\nHier erwarten dich Entspannungs- sowie Kraftsequenzen, die das allgemeine Wohlbefinden und das K\u00f6rpergef\u00fchl verbessern. Voraussetzungen gibt es keine, jeder ist willkommen.<br \/>\r\n<br \/>\r\nPower: Bewegungsabl\u00e4ufe sind l\u00e4nger und intensiver. Kr\u00e4ftigung und Gleichgewichts\u00fcbungen kommen hier nicht zu kurz! Entspannt wird nat\u00fcrlich trotzdem:-)<br \/>\r\n<br \/>\r\nSommerpause Jul-Aug    <\/div>\n\n    \n        <div class=\"fitplan-planning-modal-coach\">\n      <img decoding=\"async\" class=\"fitplan-planning-modal-coach-img\" src=\"https:\/\/powerpoint.co.at\/wp-content\/uploads\/2024\/06\/img_6524-768x1024.jpg\" alt=\"Stella\">\n      <span class=\"fitplan-planning-modal-coach-by\">By<\/span>\n      <br>\n      <strong class=\"fitplan-planning-item-coach-name\">Stella<\/strong>\n      <div class=\"fitplan-planning-modal-coach-bio\">\n        Yogatrainerin      <\/div>\n    <\/div>\n      <\/div>\n\n<\/div>\n<div class=\"fitplan-planning-item fitplan-planning-item-1227 fitplan-planning-item-surprise\" style=\"top: 247.5px; height: 67.5px\">\n  <div\n    class=\"fitplan-planning-item-inside\"\n    style=\"\n      background-color: #ef6982;\n      border-radius: 7px;\"\n\n    data-color=\"#ef6982\">\n\n    \n    <p\n      class=\"fitplan-planning-item-title fitplan-dont-hide\" style=\"\n        color: #ffffff;\n            \">\n      Surprise    <\/p>\n\n    <p class=\"fitplan-planning-item-hour\" style=\"color: #ffffff;\">\n      <span class=\"fitplan-planning-item-hour-start\">18:45<\/span>\n      -\n      <span class=\"fitplan-planning-item-hour-finish\">19:30<\/span>\n    <\/p>\n  <\/div>\n\n  <div class=\"fitplan-planning-item-bubble\">\n        <p class=\"fitplan-planning-modal-pic\">\n      <img decoding=\"async\" src=\"\" alt=\"Surprise\">\n    <\/p>\n    \n    <div class=\"fitplan-planning-modal-hour\">\n      <span>Montag<\/span>\n      <span class=\"fitplan-planning-modal-hour-start\">18:45<\/span>\n      -\n      <span class=\"fitplan-planning-modal-hour-finish\">19:30<\/span>\n    <\/div>\n\n    <div class=\"fitplan-planning-modal-desc\">\n      Ausdauer? Kraft? Oder doch Kraft und Ausdauer? Lass dich \u00fcberraschen.    <\/div>\n\n    \n      <\/div>\n\n<\/div>\n      <\/div>\n       \n    <\/div>\n        <div class=\"fitplan-planning-day fitplan-planning-day-tuesday\" style=\"color: #2d2d2d; border-color:#2d2d2d;\">\n      <div class=\"fitplan-planning-title\" style=\"border-color: #2d2d2d;\">Dienstag<\/div>\n \n            <div class=\"fitplan-planning-morning\" style=\"height: 540px; border-color: #2d2d2d; border-color: #2d2d2d44;\">\n        <div class=\"fitplan-planning-item fitplan-planning-item-586 fitplan-planning-item-dr-wolff-ruecken-reha-circle\" style=\"top: 270px; height: 67.5px\">\n  <div\n    class=\"fitplan-planning-item-inside\"\n    style=\"\n      background-color: #ef6982;\n      border-radius: 7px;\"\n\n    data-color=\"#ef6982\">\n\n        <div class=\"fitplan-planning-item-pic\" style=\"\">\n      <img decoding=\"async\" src=\"https:\/\/powerpoint.co.at\/wp-content\/uploads\/2024\/09\/exercise_16dp_F3F3F3_FILL0_wght400_GRAD0_opsz20.svg\" alt=\"Dr. Wolff R\u00fccken-Reha (Circle)\">\n    <\/div>\n    \n    <p\n      class=\"fitplan-planning-item-title\" style=\"\n        color: #ffffff;\n            \">\n      Dr. Wolff R\u00fccken-Reha (Circle)    <\/p>\n\n    <p class=\"fitplan-planning-item-hour\" style=\"color: #ffffff;\">\n      <span class=\"fitplan-planning-item-hour-start\">09:00<\/span>\n      -\n      <span class=\"fitplan-planning-item-hour-finish\">09:45<\/span>\n    <\/p>\n  <\/div>\n\n  <div class=\"fitplan-planning-item-bubble\">\n        <p class=\"fitplan-planning-modal-pic\">\n      <img decoding=\"async\" src=\"https:\/\/powerpoint.co.at\/wp-content\/uploads\/2024\/09\/exercise_16dp_F3F3F3_FILL0_wght400_GRAD0_opsz20.svg\" alt=\"Dr. Wolff R\u00fccken-Reha (Circle)\">\n    <\/p>\n    \n    <div class=\"fitplan-planning-modal-hour\">\n      <span>Dienstag<\/span>\n      <span class=\"fitplan-planning-modal-hour-start\">09:00<\/span>\n      -\n      <span class=\"fitplan-planning-modal-hour-finish\">09:45<\/span>\n    <\/div>\n\n    <div class=\"fitplan-planning-modal-desc\">\n      <strong>R\u00fccken-Fit:<\/strong><br \/>\r\nZielgruppe: Pr\u00e4ventives Training, R\u00fcckenbeschwerden (Bandscheibenvorfall, Operationen, Verspannungen..)<br \/>\r\nIm Fokus stehen die Mobilisation, Kr\u00e4ftigung und Entlastung der Wirbels\u00e4ule. Lass dich von deinen Schmerzen nicht l\u00e4nger beeintr\u00e4chtigen.<br \/>\r\nIntensit\u00e4t variabel.    <\/div>\n\n    \n      <\/div>\n\n<\/div>\n      <\/div>\n       \n            <div class=\"fitplan-planning-afternoon\" style=\"height: 450px\">\n        <div class=\"fitplan-planning-item fitplan-planning-item-594 fitplan-planning-item-bauch-beine-po\" style=\"top: 247.5px; height: 67.5px\">\n  <div\n    class=\"fitplan-planning-item-inside\"\n    style=\"\n      background-color: #ef6982;\n      border-radius: 7px;\"\n\n    data-color=\"#ef6982\">\n\n        <div class=\"fitplan-planning-item-pic\" style=\"\">\n      <img decoding=\"async\" src=\"https:\/\/powerpoint.co.at\/wp-content\/uploads\/2024\/09\/exercise_16dp_F3F3F3_FILL0_wght400_GRAD0_opsz20.svg\" alt=\"Bauch Beine Po\">\n    <\/div>\n    \n    <p\n      class=\"fitplan-planning-item-title\" style=\"\n        color: #ffffff;\n            \">\n      Bauch Beine Po    <\/p>\n\n    <p class=\"fitplan-planning-item-hour\" style=\"color: #ffffff;\">\n      <span class=\"fitplan-planning-item-hour-start\">18:45<\/span>\n      -\n      <span class=\"fitplan-planning-item-hour-finish\">19:30<\/span>\n    <\/p>\n  <\/div>\n\n  <div class=\"fitplan-planning-item-bubble\">\n        <p class=\"fitplan-planning-modal-pic\">\n      <img decoding=\"async\" src=\"https:\/\/powerpoint.co.at\/wp-content\/uploads\/2024\/09\/exercise_16dp_F3F3F3_FILL0_wght400_GRAD0_opsz20.svg\" alt=\"Bauch Beine Po\">\n    <\/p>\n    \n    <div class=\"fitplan-planning-modal-hour\">\n      <span>Dienstag<\/span>\n      <span class=\"fitplan-planning-modal-hour-start\">18:45<\/span>\n      -\n      <span class=\"fitplan-planning-modal-hour-finish\">19:30<\/span>\n    <\/div>\n\n    <div class=\"fitplan-planning-modal-desc\">\n      <strong>BBP (Kr\u00e4ftigung):<\/strong><br \/>\r\neine kr\u00e4ftigende und straffende Stunde mit Hilfe von Manschetten und Kurzhanteln    <\/div>\n\n    \n      <\/div>\n\n<\/div>\n      <\/div>\n       \n    <\/div>\n        <div class=\"fitplan-planning-day fitplan-planning-day-wednesday\" style=\"color: #2d2d2d; border-color:#2d2d2d;\">\n      <div class=\"fitplan-planning-title\" style=\"border-color: #2d2d2d;\">Mittwoch<\/div>\n \n            <div class=\"fitplan-planning-morning\" style=\"height: 540px; border-color: #2d2d2d; border-color: #2d2d2d44;\">\n        <div class=\"fitplan-planning-item fitplan-planning-item-1025 fitplan-planning-item-functional-training-and-stretching\" style=\"top: 0px; height: 67.5px\">\n  <div\n    class=\"fitplan-planning-item-inside\"\n    style=\"\n      background-color: #ef6982;\n      border-radius: 7px;\"\n\n    data-color=\"#ef6982\">\n\n        <div class=\"fitplan-planning-item-pic\" style=\"\">\n      <img decoding=\"async\" src=\"https:\/\/powerpoint.co.at\/wp-content\/uploads\/2024\/09\/exercise_16dp_F3F3F3_FILL0_wght400_GRAD0_opsz20.svg\" alt=\"Functional Training and Stretching\">\n    <\/div>\n    \n    <p\n      class=\"fitplan-planning-item-title\" style=\"\n        color: #ffffff;\n            \">\n      Functional Training and Stretching    <\/p>\n\n    <p class=\"fitplan-planning-item-hour\" style=\"color: #ffffff;\">\n      <span class=\"fitplan-planning-item-hour-start\">06:00<\/span>\n      -\n      <span class=\"fitplan-planning-item-hour-finish\">06:45<\/span>\n    <\/p>\n  <\/div>\n\n  <div class=\"fitplan-planning-item-bubble\">\n        <p class=\"fitplan-planning-modal-pic\">\n      <img decoding=\"async\" src=\"https:\/\/powerpoint.co.at\/wp-content\/uploads\/2024\/09\/exercise_16dp_F3F3F3_FILL0_wght400_GRAD0_opsz20.svg\" alt=\"Functional Training and Stretching\">\n    <\/p>\n    \n    <div class=\"fitplan-planning-modal-hour\">\n      <span>Mittwoch<\/span>\n      <span class=\"fitplan-planning-modal-hour-start\">06:00<\/span>\n      -\n      <span class=\"fitplan-planning-modal-hour-finish\">06:45<\/span>\n    <\/div>\n\n    <div class=\"fitplan-planning-modal-desc\">\n      <strong>Functional Training and Stretching - Stark im R\u00fccken, aktiv im Leben!<\/strong><br \/>\r\n<br \/>\r\nZielgruppe: f\u00fcr jeden geeignet<br \/>\r\n<br \/>\r\nTrainiere und stabilisiere deinen ganzen K\u00f6rper, wobei der Schwerpunkt auf der Rumpfmuskulatur liegt. In diesem Kurs werden mehrere Gelenke und Muskelgruppen durch alltagsnahe Bewegungen beansprucht. Es stehen die Kr\u00e4ftigung, Mobilisation und Dehnung des gesamten Bewegungsapparats mit Fokus des Rumpfes am Programm.<br \/>\r\n<br \/>\r\n<strong>Mittwochs nur mit Voranmeldung unter 0650 32 90 992<\/strong>    <\/div>\n\n    \n      <\/div>\n\n<\/div>\n<div class=\"fitplan-planning-item fitplan-planning-item-976 fitplan-planning-item-yoga-relax\" style=\"top: 225px; height: 105px\">\n  <div\n    class=\"fitplan-planning-item-inside\"\n    style=\"\n      background-color: #ef6982;\n      border-radius: 7px;\"\n\n    data-color=\"#ef6982\">\n\n        <div class=\"fitplan-planning-item-pic\" style=\"\">\n      <img decoding=\"async\" src=\"https:\/\/powerpoint.co.at\/wp-content\/uploads\/2024\/09\/self_improvement_16dp_F3F3F3_FILL0_wght400_GRAD0_opsz20.svg\" alt=\"Yoga Relax\">\n    <\/div>\n    \n    <p\n      class=\"fitplan-planning-item-title\" style=\"\n        color: #ffffff;\n            \">\n      Yoga Relax    <\/p>\n\n    <p class=\"fitplan-planning-item-hour\" style=\"color: #ffffff;\">\n      <span class=\"fitplan-planning-item-hour-start\">08:30<\/span>\n      -\n      <span class=\"fitplan-planning-item-hour-finish\">09:40<\/span>\n    <\/p>\n  <\/div>\n\n  <div class=\"fitplan-planning-item-bubble\">\n        <p class=\"fitplan-planning-modal-pic\">\n      <img decoding=\"async\" src=\"https:\/\/powerpoint.co.at\/wp-content\/uploads\/2024\/09\/self_improvement_16dp_F3F3F3_FILL0_wght400_GRAD0_opsz20.svg\" alt=\"Yoga Relax\">\n    <\/p>\n    \n    <div class=\"fitplan-planning-modal-hour\">\n      <span>Mittwoch<\/span>\n      <span class=\"fitplan-planning-modal-hour-start\">08:30<\/span>\n      -\n      <span class=\"fitplan-planning-modal-hour-finish\">09:40<\/span>\n    <\/div>\n\n    <div class=\"fitplan-planning-modal-desc\">\n      <strong>Yoga Relax<\/strong><br \/>\r\n<br \/>\r\nZielgruppe: f\u00fcr jeden geeignet<br \/>\r\nHier erwarten dich Entspannungs- sowie Kraftsequenzen, die das allgemeine Wohlbefinden und das K\u00f6rpergef\u00fchl verbessern. Voraussetzungen gibt es keine, jeder ist willkommen.<br \/>\r\n<br \/>\r\nRelax: Der Fokus liegt auf Mobilisation und k\u00fcrzeren Bewegungsabl\u00e4ufen. Stressreduktion ist hier das A und O!<br \/>\r\n<br \/>\r\nSommerpause Jul-Aug    <\/div>\n\n    \n        <div class=\"fitplan-planning-modal-coach\">\n      <img decoding=\"async\" class=\"fitplan-planning-modal-coach-img\" src=\"https:\/\/powerpoint.co.at\/wp-content\/uploads\/2024\/06\/img_6524-768x1024.jpg\" alt=\"Stella\">\n      <span class=\"fitplan-planning-modal-coach-by\">By<\/span>\n      <br>\n      <strong class=\"fitplan-planning-item-coach-name\">Stella<\/strong>\n      <div class=\"fitplan-planning-modal-coach-bio\">\n        Yogatrainerin      <\/div>\n    <\/div>\n      <\/div>\n\n<\/div>\n      <\/div>\n       \n            <div class=\"fitplan-planning-afternoon\" style=\"height: 450px\">\n              <\/div>\n       \n    <\/div>\n        <div class=\"fitplan-planning-day fitplan-planning-day-thursday\" style=\"color: #2d2d2d; border-color:#2d2d2d;\">\n      <div class=\"fitplan-planning-title\" style=\"border-color: #2d2d2d;\">Donnerstag<\/div>\n \n            <div class=\"fitplan-planning-morning\" style=\"height: 540px; border-color: #2d2d2d; border-color: #2d2d2d44;\">\n              <\/div>\n       \n            <div class=\"fitplan-planning-afternoon\" style=\"height: 450px\">\n        <div class=\"fitplan-planning-item fitplan-planning-item-1025 fitplan-planning-item-functional-training-and-stretching\" style=\"top: 180px; height: 67.5px\">\n  <div\n    class=\"fitplan-planning-item-inside\"\n    style=\"\n      background-color: #ef6982;\n      border-radius: 7px;\"\n\n    data-color=\"#ef6982\">\n\n        <div class=\"fitplan-planning-item-pic\" style=\"\">\n      <img decoding=\"async\" src=\"https:\/\/powerpoint.co.at\/wp-content\/uploads\/2024\/09\/exercise_16dp_F3F3F3_FILL0_wght400_GRAD0_opsz20.svg\" alt=\"Functional Training and Stretching\">\n    <\/div>\n    \n    <p\n      class=\"fitplan-planning-item-title\" style=\"\n        color: #ffffff;\n            \">\n      Functional Training and Stretching    <\/p>\n\n    <p class=\"fitplan-planning-item-hour\" style=\"color: #ffffff;\">\n      <span class=\"fitplan-planning-item-hour-start\">18:00<\/span>\n      -\n      <span class=\"fitplan-planning-item-hour-finish\">18:45<\/span>\n    <\/p>\n  <\/div>\n\n  <div class=\"fitplan-planning-item-bubble\">\n        <p class=\"fitplan-planning-modal-pic\">\n      <img decoding=\"async\" src=\"https:\/\/powerpoint.co.at\/wp-content\/uploads\/2024\/09\/exercise_16dp_F3F3F3_FILL0_wght400_GRAD0_opsz20.svg\" alt=\"Functional Training and Stretching\">\n    <\/p>\n    \n    <div class=\"fitplan-planning-modal-hour\">\n      <span>Donnerstag<\/span>\n      <span class=\"fitplan-planning-modal-hour-start\">18:00<\/span>\n      -\n      <span class=\"fitplan-planning-modal-hour-finish\">18:45<\/span>\n    <\/div>\n\n    <div class=\"fitplan-planning-modal-desc\">\n      <strong>Functional Training and Stretching - Stark im R\u00fccken, aktiv im Leben!<\/strong><br \/>\r\n<br \/>\r\nZielgruppe: f\u00fcr jeden geeignet<br \/>\r\n<br \/>\r\nTrainiere und stabilisiere deinen ganzen K\u00f6rper, wobei der Schwerpunkt auf der Rumpfmuskulatur liegt. In diesem Kurs werden mehrere Gelenke und Muskelgruppen durch alltagsnahe Bewegungen beansprucht. Es stehen die Kr\u00e4ftigung, Mobilisation und Dehnung des gesamten Bewegungsapparats mit Fokus des Rumpfes am Programm.<br \/>\r\n<br \/>\r\n<strong>Mittwochs nur mit Voranmeldung unter 0650 32 90 992<\/strong>    <\/div>\n\n    \n      <\/div>\n\n<\/div>\n<div class=\"fitplan-planning-item fitplan-planning-item-1250 fitplan-planning-item-cardio-mix\" style=\"top: 247.5px; height: 67.5px\">\n  <div\n    class=\"fitplan-planning-item-inside\"\n    style=\"\n      background-color: #ef6982;\n      border-radius: 7px;\"\n\n    data-color=\"#ef6982\">\n\n        <div class=\"fitplan-planning-item-pic\" style=\"\">\n      <img decoding=\"async\" src=\"https:\/\/powerpoint.co.at\/wp-content\/uploads\/2024\/09\/cardiology_16dp_F3F3F3_FILL0_wght400_GRAD0_opsz20.svg\" alt=\"Cardio Mix\">\n    <\/div>\n    \n    <p\n      class=\"fitplan-planning-item-title\" style=\"\n        color: #ffffff;\n            \">\n      Cardio Mix    <\/p>\n\n    <p class=\"fitplan-planning-item-hour\" style=\"color: #ffffff;\">\n      <span class=\"fitplan-planning-item-hour-start\">18:45<\/span>\n      -\n      <span class=\"fitplan-planning-item-hour-finish\">19:30<\/span>\n    <\/p>\n  <\/div>\n\n  <div class=\"fitplan-planning-item-bubble\">\n        <p class=\"fitplan-planning-modal-pic\">\n      <img decoding=\"async\" src=\"https:\/\/powerpoint.co.at\/wp-content\/uploads\/2024\/09\/cardiology_16dp_F3F3F3_FILL0_wght400_GRAD0_opsz20.svg\" alt=\"Cardio Mix\">\n    <\/p>\n    \n    <div class=\"fitplan-planning-modal-hour\">\n      <span>Donnerstag<\/span>\n      <span class=\"fitplan-planning-modal-hour-start\">18:45<\/span>\n      -\n      <span class=\"fitplan-planning-modal-hour-finish\">19:30<\/span>\n    <\/div>\n\n    <div class=\"fitplan-planning-modal-desc\">\n      Zielgruppe: f\u00fcr jeden geeignet, der keine Herz-Kreislauf Probleme hat<br \/>\r\n<br \/>\r\nDu m\u00f6chtest mit Spa\u00df und guter Laune zum Schwitzen kommen? Mit schwungvoller Musik und einfachen Schrittfolgen wird in dieser Einheit dein Herz-Kreislauf-System mit mittlerer Intensit\u00e4t trainiert. Dadurch kurbeln wir deinen Fettstoffwechsel an und lassen die Kalorien purzeln!    <\/div>\n\n    \n      <\/div>\n\n<\/div>\n      <\/div>\n       \n    <\/div>\n      <\/div>\n<\/div><\/div>\n<div>\n<p><span>G\u00dcLTIG AB 1.11.2025<\/span><\/p>\n<\/div>\n<ul>\n<li>\n<p>        <img decoding=\"async\" src=\"\/wp-content\/uploads\/2024\/09\/self_improvement_16dp_434343_FILL0_wght400_GRAD0_opsz20.svg\" alt=\"\"><\/p>\n<div>\n<p>Mobility\/Entspannung<\/p>\n<\/div>\n<\/li>\n<li>\n<p>        <img decoding=\"async\" src=\"\/wp-content\/uploads\/2024\/09\/exercise_16dp_434343_FILL0_wght400_GRAD0_opsz20.svg\" alt=\"\"><\/p>\n<div>\n<p>Kr\u00e4ftigung<\/p>\n<\/div>\n<\/li>\n<li>\n<p>        <img decoding=\"async\" src=\"\/wp-content\/uploads\/2024\/09\/cardiology_16dp_434343_FILL0_wght400_GRAD0_opsz20.svg\" alt=\"\"><\/p>\n<div>\n<p>Herz-Kreislauf Training<\/p>\n<\/div>\n<\/li>\n<\/ul>\n<hr>\n<div>\n<div class=\"wp-block-columns is-not-stacked-on-mobile is-layout-flex wp-container-5\">\n<div class=\"wp-block-column is-vertically-aligned-center is-layout-flow\" style=\"text-align: center;\">Teilnahme \u00fcber 10er-Punkte Karte oder Premiumpaket m\u00f6glich<\/div>\n<\/div>\n<\/div>\n<p><!--more--><br \/>\n<!-- {\"type\":\"layout\",\"children\":[{\"type\":\"section\",\"props\":{\"image_position\":\"center-center\",\"padding\":\"xsmall\",\"padding_remove_bottom\":false,\"padding_remove_top\":false,\"style\":\"default\",\"title_breakpoint\":\"xl\",\"title_position\":\"top-left\",\"title_rotation\":\"left\",\"vertical_align\":\"\",\"width\":\"default\"},\"children\":[{\"type\":\"row\",\"children\":[{\"type\":\"column\",\"props\":{\"image_position\":\"center-center\",\"position_sticky_breakpoint\":\"m\"},\"children\":[{\"type\":\"headline\",\"props\":{\"content\":\"<span>Kursplan<\\\/span>\",\"margin\":\"remove-vertical\",\"margin_remove_bottom\":true,\"margin_remove_top\":true,\"title_element\":\"h1\",\"title_font_family\":\"primary\",\"title_style\":\"heading-medium\"}},{\"type\":\"html\",\"props\":{\"content\":\"[fitness-planning id='1252']\",\"css\":\"\\\/* Ensure text and classes display correctly on mobile *\\\/\\n.fitplan-planning-mobile .fitplan-planning-item-title,\\n.fitplan-planning-mobile .fitplan-planning-item-time,\\n.fitplan-planning-mobile .fitplan-planning-item {\\n    color: #ffffff !important; \\\/* Adjust as needed *\\\/\\n    display: block !important;\\n    font-size: 16px; \\\/* Adjust size as needed *\\\/\\n}\\n\\n.fitplan-planning-mobile .fitplan-planning {\\n    background-color: transparent !important;\\n    border-color: #eee !important; \\\/* Adjust as needed *\\\/\\n}\\n\\\/* Center text slightly more to the right on mobile *\\\/\\n.fitplan-planning-mobile .fitplan-planning-item-title,\\n.fitplan-planning-mobile .fitplan-planning-item-time,\\n.fitplan-planning-mobile .fitplan-planning-item {\\n    padding-left: 5px; \\\/* Adjust this value as needed *\\\/\\n\\n}\\n\\\/* Adjust title and time text upwards *\\\/\\n.fitplan-planning-mobile .fitplan-planning-item-title,\\n.fitplan-planning-mobile .fitplan-planning-item-time {\\n    margin-top: -2px; \\\/* Adjust this value as needed *\\\/\\n    position: relative;\\n    top: px; \\\/* Move text upwards *\\\/\\n}\\n\\\/* Move title and time text to the right *\\\/\\n.fitplan-planning-mobile .fitplan-planning-item-title,\\n.fitplan-planning-mobile .fitplan-planning-item-time {\\n    margin-left: 20px; \\\/* Adjust this value as needed *\\\/\\n}\\n\"}},{\"type\":\"text\",\"props\":{\"column_breakpoint\":\"m\",\"content\":\"\n\n<p><span>G\\u00dcLTIG AB 1.11.2025<\\\/span><\\\/p>\",\"dropcap\":false,\"margin\":\"default\",\"text_align\":\"right\"}}]}]},{\"type\":\"row\",\"children\":[{\"type\":\"column\",\"props\":{\"image_position\":\"center-center\",\"position_sticky_breakpoint\":\"m\"},\"children\":[{\"name\":\"List Columns Thirds\",\"type\":\"list\",\"children\":[{\"type\":\"list_item\",\"props\":{\"content\":\"\n\n<p>Mobility\\\/Entspannung<\\\/p>\",\"image\":\"wp-content\\\/uploads\\\/2024\\\/09\\\/self_improvement_16dp_434343_FILL0_wght400_GRAD0_opsz20.svg\"}},{\"type\":\"list_item\",\"props\":{\"content\":\"\n\n<p>Kr\\u00e4ftigung<\\\/p>\",\"image\":\"wp-content\\\/uploads\\\/2024\\\/09\\\/exercise_16dp_434343_FILL0_wght400_GRAD0_opsz20.svg\"}},{\"type\":\"list_item\",\"props\":{\"content\":\"\n\n<p>Herz-Kreislauf Training<\\\/p>\",\"image\":\"wp-content\\\/uploads\\\/2024\\\/09\\\/cardiology_16dp_434343_FILL0_wght400_GRAD0_opsz20.svg\"}}],\"props\":{\"column_breakpoint\":\"\",\"image_align\":\"left\",\"image_svg_color\":\"emphasis\",\"image_vertical_align\":true,\"list_element\":\"ul\",\"list_horizontal_separator\":\", \",\"list_size\":\"large\",\"list_type\":\"vertical\",\"position_right\":\"-280\",\"show_image\":true,\"show_link\":true,\"text_align\":\"justify\"}},{\"type\":\"divider\",\"props\":{\"divider_element\":\"hr\"}},{\"type\":\"text\",\"props\":{\"column_breakpoint\":\"m\",\"content\":\"\n\n<div class=\\\"wp-block-columns is-not-stacked-on-mobile is-layout-flex wp-container-5\\\">\\n\n\n<div class=\\\"wp-block-column is-vertically-aligned-center is-layout-flow\\\" style=\\\"text-align: center;\\\">Teilnahme \\u00fcber 10er-Punkte Karte oder Premiumpaket m\\u00f6glich<\\\/div>\\n<\\\/div>\",\"margin\":\"default\"}}]}]}],\"name\":\"Kursplan: Yoga mit Stella\"}],\"version\":\"4.4.12\"} --><\/p>\n","protected":false},"excerpt":{"rendered":"<p>Kursplan G\u00dcLTIG AB 1.11.2025 Mobility\/Entspannung Kr\u00e4ftigung Herz-Kreislauf Training Teilnahme \u00fcber 10er-Punkte Karte oder Premiumpaket m\u00f6glich<\/p>\n","protected":false},"author":2,"featured_media":0,"parent":0,"menu_order":0,"comment_status":"closed","ping_status":"closed","template":"","meta":{"footnotes":""},"class_list":["post-812","page","type-page","status-publish","hentry"],"_links":{"self":[{"href":"https:\/\/powerpoint.co.at\/index.php?rest_route=\/wp\/v2\/pages\/812","targetHints":{"allow":["GET"]}}],"collection":[{"href":"https:\/\/powerpoint.co.at\/index.php?rest_route=\/wp\/v2\/pages"}],"about":[{"href":"https:\/\/powerpoint.co.at\/index.php?rest_route=\/wp\/v2\/types\/page"}],"author":[{"embeddable":true,"href":"https:\/\/powerpoint.co.at\/index.php?rest_route=\/wp\/v2\/users\/2"}],"replies":[{"embeddable":true,"href":"https:\/\/powerpoint.co.at\/index.php?rest_route=%2Fwp%2Fv2%2Fcomments&post=812"}],"version-history":[{"count":44,"href":"https:\/\/powerpoint.co.at\/index.php?rest_route=\/wp\/v2\/pages\/812\/revisions"}],"predecessor-version":[{"id":1391,"href":"https:\/\/powerpoint.co.at\/index.php?rest_route=\/wp\/v2\/pages\/812\/revisions\/1391"}],"wp:attachment":[{"href":"https:\/\/powerpoint.co.at\/index.php?rest_route=%2Fwp%2Fv2%2Fmedia&parent=812"}],"curies":[{"name":"wp","href":"https:\/\/api.w.org\/{rel}","templated":true}]}}